{"id":133,"date":"2025-09-25T13:25:57","date_gmt":"2025-09-25T13:25:57","guid":{"rendered":"https:\/\/ecolepourlavie-tokombere.org\/?page_id=133"},"modified":"2026-02-16T14:28:19","modified_gmt":"2026-02-16T14:28:19","slug":"les-origines","status":"publish","type":"page","link":"https:\/\/ecolepourlavie-tokombere.org\/index.php\/les-origines\/","title":{"rendered":"Les origines"},"content":{"rendered":"<p>[et_pb_section fb_built=\u00a0\u00bb1&Prime; fullwidth=\u00a0\u00bbon\u00a0\u00bb admin_label=\u00a0\u00bbHeader\u00a0\u00bb _builder_version=\u00a0\u00bb4.27.4&Prime; background_color=\u00a0\u00bb#b7b9c7&Prime; custom_padding=\u00a0\u00bb0px|0|0px|0px|false|false\u00a0\u00bb locked=\u00a0\u00bboff\u00a0\u00bb global_colors_info=\u00a0\u00bb{}\u00a0\u00bb][et_pb_fullwidth_header title=\u00a0\u00bbLe Projet de Promotion Humaine de Tokomb\u00e9r\u00e9\u00a0\u00bb subhead=\u00a0\u00bbet son coll\u00e8ge Baba Simon\u00a0\u00bb text_orientation=\u00a0\u00bbcenter\u00a0\u00bb background_overlay_color=\u00a0\u00bbrgba(83,90,128,0.3)\u00a0\u00bb _builder_version=\u00a0\u00bb4.27.4&Prime; title_font=\u00a0\u00bbNoto Serif|700|||||||\u00a0\u00bb title_text_align=\u00a0\u00bbcenter\u00a0\u00bb title_font_size=\u00a0\u00bb70px\u00a0\u00bb title_line_height=\u00a0\u00bb1.1em\u00a0\u00bb content_font=\u00a0\u00bbNoto Sans||||||||\u00a0\u00bb content_font_size=\u00a0\u00bb18px\u00a0\u00bb content_line_height=\u00a0\u00bb2em\u00a0\u00bb subhead_font=\u00a0\u00bbNoto Sans||||||||\u00a0\u00bb subhead_text_align=\u00a0\u00bbcenter\u00a0\u00bb subhead_font_size=\u00a0\u00bb30px\u00a0\u00bb subhead_line_height=\u00a0\u00bb2em\u00a0\u00bb background_color=\u00a0\u00bbrgba(255,255,255,0)\u00a0\u00bb background_image=\u00a0\u00bbhttps:\/\/ecolepourlavie-tokombere.org\/wp-content\/uploads\/2025\/11\/IMG_20190126_093138.jpg\u00a0\u00bb parallax=\u00a0\u00bbon\u00a0\u00bb parallax_method=\u00a0\u00bbon\u00a0\u00bb custom_button_one=\u00a0\u00bbon\u00a0\u00bb button_one_text_size=\u00a0\u00bb17px\u00a0\u00bb button_one_text_color=\u00a0\u00bb#ffffff\u00a0\u00bb button_one_bg_color=\u00a0\u00bb#ff6b5a\u00a0\u00bb button_one_border_width=\u00a0\u00bb7px\u00a0\u00bb button_one_border_color=\u00a0\u00bb#ff6b5a\u00a0\u00bb button_one_border_radius=\u00a0\u00bb100px\u00a0\u00bb button_one_font=\u00a0\u00bbNoto Sans|700||on|||||\u00a0\u00bb button_one_use_icon=\u00a0\u00bboff\u00a0\u00bb custom_margin=\u00a0\u00bb|||\u00a0\u00bb custom_padding=\u00a0\u00bb110px||110px||true\u00a0\u00bb custom_padding_tablet=\u00a0\u00bb100px|||\u00a0\u00bb custom_padding_phone=\u00a0\u00bb\u00a0\u00bb custom_padding_last_edited=\u00a0\u00bbon|phone\u00a0\u00bb animation_style=\u00a0\u00bbfade\u00a0\u00bb animation_direction=\u00a0\u00bbtop\u00a0\u00bb title_font_size_tablet=\u00a0\u00bb40px\u00a0\u00bb title_font_size_phone=\u00a0\u00bb\u00a0\u00bb title_font_size_last_edited=\u00a0\u00bbon|tablet\u00a0\u00bb subhead_font_size_tablet=\u00a0\u00bb\u00a0\u00bb subhead_font_size_phone=\u00a0\u00bb20px\u00a0\u00bb subhead_font_size_last_edited=\u00a0\u00bbon|desktop\u00a0\u00bb subhead_line_height_tablet=\u00a0\u00bb\u00a0\u00bb subhead_line_height_phone=\u00a0\u00bb1.5em\u00a0\u00bb subhead_line_height_last_edited=\u00a0\u00bbon|phone\u00a0\u00bb button_one_text_color_hover=\u00a0\u00bb#ffffff\u00a0\u00bb button_one_border_color_hover=\u00a0\u00bb#ff9e59&Prime; button_one_border_radius_hover=\u00a0\u00bb100px\u00a0\u00bb button_one_bg_color_hover=\u00a0\u00bb#ff9e59&Prime; global_colors_info=\u00a0\u00bb{}\u00a0\u00bb button_one_text_size__hover_enabled=\u00a0\u00bboff\u00a0\u00bb button_two_text_size__hover_enabled=\u00a0\u00bboff\u00a0\u00bb button_one_text_color__hover_enabled=\u00a0\u00bbon\u00a0\u00bb button_one_text_color__hover=\u00a0\u00bb#ffffff\u00a0\u00bb button_two_text_color__hover_enabled=\u00a0\u00bboff\u00a0\u00bb button_one_border_width__hover_enabled=\u00a0\u00bboff\u00a0\u00bb button_two_border_width__hover_enabled=\u00a0\u00bboff\u00a0\u00bb button_one_border_color__hover_enabled=\u00a0\u00bbon\u00a0\u00bb button_one_border_color__hover=\u00a0\u00bb#ff9e59&Prime; button_two_border_color__hover_enabled=\u00a0\u00bboff\u00a0\u00bb button_one_border_radius__hover_enabled=\u00a0\u00bbon\u00a0\u00bb button_one_border_radius__hover=\u00a0\u00bb100px\u00a0\u00bb button_two_border_radius__hover_enabled=\u00a0\u00bboff\u00a0\u00bb button_one_letter_spacing__hover_enabled=\u00a0\u00bboff\u00a0\u00bb button_two_letter_spacing__hover_enabled=\u00a0\u00bboff\u00a0\u00bb button_one_bg_color__hover_enabled=\u00a0\u00bbon\u00a0\u00bb button_one_bg_color__hover=\u00a0\u00bb#ff9e59&Prime; button_two_bg_color__hover_enabled=\u00a0\u00bboff\u00a0\u00bb][\/et_pb_fullwidth_header][\/et_pb_section][et_pb_section fb_built=\u00a0\u00bb1&Prime; admin_label=\u00a0\u00bbTravel History\u00a0\u00bb _builder_version=\u00a0\u00bb4.27.4&Prime; use_background_color_gradient=\u00a0\u00bbon\u00a0\u00bb background_color_gradient_stops=\u00a0\u00bb#ffffff 0%|rgba(255,255,255,0) 50%\u00a0\u00bb background_color_gradient_overlays_image=\u00a0\u00bbon\u00a0\u00bb background_color_gradient_start=\u00a0\u00bb#ffffff\u00a0\u00bb background_color_gradient_end=\u00a0\u00bbrgba(255,255,255,0)\u00a0\u00bb background_color_gradient_end_position=\u00a0\u00bb50%\u00a0\u00bb background_image=\u00a0\u00bbhttps:\/\/ecolepourlavie-tokombere.org\/wp-content\/uploads\/2025\/09\/paysage-tokombere.png\u00a0\u00bb custom_padding=\u00a0\u00bb50px|0px|195px|0px|false|false\u00a0\u00bb global_colors_info=\u00a0\u00bb{}\u00a0\u00bb][et_pb_row column_structure=\u00a0\u00bb1_3,1_3,1_3&Prime; _builder_version=\u00a0\u00bb4.16&Prime; custom_padding=\u00a0\u00bb60px|0px|60px|0px|true|false\u00a0\u00bb locked=\u00a0\u00bboff\u00a0\u00bb global_colors_info=\u00a0\u00bb{}\u00a0\u00bb][et_pb_column type=\u00a0\u00bb1_3&Prime; _builder_version=\u00a0\u00bb4.16&Prime; custom_padding=\u00a0\u00bb|||\u00a0\u00bb global_colors_info=\u00a0\u00bb{}\u00a0\u00bb custom_padding__hover=\u00a0\u00bb|||\u00a0\u00bb][et_pb_number_counter title=\u00a0\u00bbEthnies\u00a0\u00bb number=\u00a0\u00bb7&Prime; percent_sign=\u00a0\u00bboff\u00a0\u00bb _builder_version=\u00a0\u00bb4.27.4&Prime; title_font=\u00a0\u00bbNoto Sans|700||on|||||\u00a0\u00bb title_text_color=\u00a0\u00bb#FFFFFF\u00a0\u00bb title_font_size=\u00a0\u00bb15px\u00a0\u00bb title_letter_spacing=\u00a0\u00bb1px\u00a0\u00bb title_line_height=\u00a0\u00bb2em\u00a0\u00bb number_font=\u00a0\u00bbNoto Serif|700|||||||\u00a0\u00bb number_text_color=\u00a0\u00bb#ff6b5a\u00a0\u00bb number_line_height=\u00a0\u00bb1.5em\u00a0\u00bb animation_style=\u00a0\u00bbzoom\u00a0\u00bb animation_intensity_zoom=\u00a0\u00bb5%\u00a0\u00bb global_colors_info=\u00a0\u00bb{}\u00a0\u00bb][\/et_pb_number_counter][\/et_pb_column][et_pb_column type=\u00a0\u00bb1_3&Prime; _builder_version=\u00a0\u00bb4.16&Prime; custom_padding=\u00a0\u00bb|||\u00a0\u00bb global_colors_info=\u00a0\u00bb{}\u00a0\u00bb custom_padding__hover=\u00a0\u00bb|||\u00a0\u00bb][et_pb_number_counter title=\u00a0\u00bbhabitants dans l&rsquo;arrondissement\u00a0\u00bb number=\u00a0\u00bb160 000&Prime; percent_sign=\u00a0\u00bboff\u00a0\u00bb _builder_version=\u00a0\u00bb4.27.4&Prime; title_font=\u00a0\u00bbNoto Sans|700||on|||||\u00a0\u00bb title_text_color=\u00a0\u00bb#FFFFFF\u00a0\u00bb title_font_size=\u00a0\u00bb15px\u00a0\u00bb title_letter_spacing=\u00a0\u00bb1px\u00a0\u00bb title_line_height=\u00a0\u00bb2em\u00a0\u00bb number_font=\u00a0\u00bbNoto Serif|700|||||||\u00a0\u00bb number_text_color=\u00a0\u00bb#ff6b5a\u00a0\u00bb number_line_height=\u00a0\u00bb1.5em\u00a0\u00bb animation_style=\u00a0\u00bbzoom\u00a0\u00bb animation_delay=\u00a0\u00bb100ms\u00a0\u00bb animation_intensity_zoom=\u00a0\u00bb5%\u00a0\u00bb global_colors_info=\u00a0\u00bb{}\u00a0\u00bb][\/et_pb_number_counter][\/et_pb_column][et_pb_column type=\u00a0\u00bb1_3&Prime; _builder_version=\u00a0\u00bb4.16&Prime; custom_padding=\u00a0\u00bb|||\u00a0\u00bb global_colors_info=\u00a0\u00bb{}\u00a0\u00bb custom_padding__hover=\u00a0\u00bb|||\u00a0\u00bb][et_pb_number_counter title=\u00a0\u00bbhabitants dans la ville de Tokombere\u00a0\u00bb number=\u00a0\u00bb10 000 \u00a0\u00bb percent_sign=\u00a0\u00bboff\u00a0\u00bb _builder_version=\u00a0\u00bb4.27.4&Prime; title_font=\u00a0\u00bbNoto Sans|700||on|||||\u00a0\u00bb title_text_color=\u00a0\u00bb#FFFFFF\u00a0\u00bb title_font_size=\u00a0\u00bb15px\u00a0\u00bb title_letter_spacing=\u00a0\u00bb1px\u00a0\u00bb title_line_height=\u00a0\u00bb2em\u00a0\u00bb number_font=\u00a0\u00bbNoto Serif|700|||||||\u00a0\u00bb number_text_color=\u00a0\u00bb#ff6b5a\u00a0\u00bb number_line_height=\u00a0\u00bb1.5em\u00a0\u00bb animation_style=\u00a0\u00bbzoom\u00a0\u00bb animation_delay=\u00a0\u00bb300ms\u00a0\u00bb animation_intensity_zoom=\u00a0\u00bb5%\u00a0\u00bb global_colors_info=\u00a0\u00bb{}\u00a0\u00bb][\/et_pb_number_counter][\/et_pb_column][\/et_pb_row][\/et_pb_section][et_pb_section fb_built=\u00a0\u00bb1&Prime; _builder_version=\u00a0\u00bb4.16&Prime; custom_padding=\u00a0\u00bb|||\u00a0\u00bb locked=\u00a0\u00bboff\u00a0\u00bb global_colors_info=\u00a0\u00bb{}\u00a0\u00bb][et_pb_row _builder_version=\u00a0\u00bb4.16&Prime; custom_padding=\u00a0\u00bb|||\u00a0\u00bb global_colors_info=\u00a0\u00bb{}\u00a0\u00bb][et_pb_column type=\u00a0\u00bb4_4&Prime; _builder_version=\u00a0\u00bb4.16&Prime; custom_padding=\u00a0\u00bb|||\u00a0\u00bb global_colors_info=\u00a0\u00bb{}\u00a0\u00bb custom_padding__hover=\u00a0\u00bb|||\u00a0\u00bb][et_pb_cta title=\u00a0\u00bbL&rsquo; Homme au centre du projet\u00a0\u00bb button_url=\u00a0\u00bbhttps:\/\/fondationchristianaurenche-tokombere.org\/index.php\/ppht\u00a0\u00bb button_text=\u00a0\u00bbPlus d&rsquo;info sur le site de la fondation\u00a0\u00bb _builder_version=\u00a0\u00bb4.27.5&Prime; header_font=\u00a0\u00bbNoto Serif|700|||||||\u00a0\u00bb header_font_size=\u00a0\u00bb44px\u00a0\u00bb header_line_height=\u00a0\u00bb1.5em\u00a0\u00bb body_font=\u00a0\u00bbNoto Sans||||||||\u00a0\u00bb body_font_size=\u00a0\u00bb17px\u00a0\u00bb body_line_height=\u00a0\u00bb2em\u00a0\u00bb use_background_color=\u00a0\u00bboff\u00a0\u00bb custom_button=\u00a0\u00bbon\u00a0\u00bb button_text_size=\u00a0\u00bb17px\u00a0\u00bb button_text_color=\u00a0\u00bb#ffffff\u00a0\u00bb button_bg_color=\u00a0\u00bb#ff6b5a\u00a0\u00bb button_border_width=\u00a0\u00bb5px\u00a0\u00bb button_border_color=\u00a0\u00bb#ff6b5a\u00a0\u00bb button_border_radius=\u00a0\u00bb100px\u00a0\u00bb button_font=\u00a0\u00bbNoto Sans|700||on|||||\u00a0\u00bb button_use_icon=\u00a0\u00bboff\u00a0\u00bb text_orientation=\u00a0\u00bbleft\u00a0\u00bb background_layout=\u00a0\u00bblight\u00a0\u00bb max_width=\u00a0\u00bb711px\u00a0\u00bb module_alignment=\u00a0\u00bbcenter\u00a0\u00bb custom_margin=\u00a0\u00bb|64px||247px||\u00a0\u00bb header_font_size_tablet=\u00a0\u00bb\u00a0\u00bb header_font_size_phone=\u00a0\u00bb34px\u00a0\u00bb header_font_size_last_edited=\u00a0\u00bbon|phone\u00a0\u00bb button_text_color_hover=\u00a0\u00bb#ffffff\u00a0\u00bb button_border_color_hover=\u00a0\u00bb#ff9e59&Prime; button_bg_color_hover=\u00a0\u00bb#ff9e59&Prime; global_colors_info=\u00a0\u00bb{}\u00a0\u00bb button_text_size__hover_enabled=\u00a0\u00bboff\u00a0\u00bb button_one_text_size__hover_enabled=\u00a0\u00bboff\u00a0\u00bb button_two_text_size__hover_enabled=\u00a0\u00bboff\u00a0\u00bb button_text_color__hover_enabled=\u00a0\u00bbon\u00a0\u00bb button_text_color__hover=\u00a0\u00bb#ffffff\u00a0\u00bb button_one_text_color__hover_enabled=\u00a0\u00bboff\u00a0\u00bb button_two_text_color__hover_enabled=\u00a0\u00bboff\u00a0\u00bb button_border_width__hover_enabled=\u00a0\u00bboff\u00a0\u00bb button_one_border_width__hover_enabled=\u00a0\u00bboff\u00a0\u00bb button_two_border_width__hover_enabled=\u00a0\u00bboff\u00a0\u00bb button_border_color__hover_enabled=\u00a0\u00bbon\u00a0\u00bb button_border_color__hover=\u00a0\u00bb#ff9e59&Prime; button_one_border_color__hover_enabled=\u00a0\u00bboff\u00a0\u00bb button_two_border_color__hover_enabled=\u00a0\u00bboff\u00a0\u00bb button_border_radius__hover_enabled=\u00a0\u00bboff\u00a0\u00bb button_one_border_radius__hover_enabled=\u00a0\u00bboff\u00a0\u00bb button_two_border_radius__hover_enabled=\u00a0\u00bboff\u00a0\u00bb button_letter_spacing__hover_enabled=\u00a0\u00bboff\u00a0\u00bb button_one_letter_spacing__hover_enabled=\u00a0\u00bboff\u00a0\u00bb button_two_letter_spacing__hover_enabled=\u00a0\u00bboff\u00a0\u00bb button_bg_color__hover_enabled=\u00a0\u00bbon\u00a0\u00bb button_bg_color__hover=\u00a0\u00bb#ff9e59&Prime; button_one_bg_color__hover_enabled=\u00a0\u00bboff\u00a0\u00bb button_two_bg_color__hover_enabled=\u00a0\u00bboff\u00a0\u00bb]Initi\u00e9 il y a plus de 50 ans, le Projet de Promotion Humaine de Tokomb\u00e9r\u00e9 -PPHT- au Nord Cameroun, est un projet global o\u00f9 l&rsquo;humain est premier dans toutes ses dimensions, physiques, morales, intellectuelles, spirituelles.<br \/>\nChaque homme, femme, y est acteur et participe au d\u00e9veloppement de la communaut\u00e9 tout enti\u00e8re. Plusieurs structures prennent chacune en charge un volet sp\u00e9cifique de vie: sant\u00e9, au c\u0153ur des villages et \u00e0 l&rsquo;h\u00f4pital, \u00e9ducation avec les \u00e9coles et le coll\u00e8ge, agriculture, artisanat, promotion f\u00e9minine, projet jeunes&#8230; en r\u00e9f\u00e9rence \u00e0 l&rsquo;Evangile.<br \/>\nCe projet est port\u00e9 en France par la Fondation Christian Aurenche-Tokomb\u00e9r\u00e9 et par quatre associations, regroup\u00e9es dans la f\u00e9d\u00e9ration Intertok, partenaires chacune d&rsquo;un volet du projet global.[\/et_pb_cta][\/et_pb_column][\/et_pb_row][\/et_pb_section][et_pb_section fb_built=\u00a0\u00bb1&Prime; _builder_version=\u00a0\u00bb4.16&Prime; custom_padding=\u00a0\u00bb55px|0px|54px|0px|false|false\u00a0\u00bb global_colors_info=\u00a0\u00bb{}\u00a0\u00bb][et_pb_row _builder_version=\u00a0\u00bb4.16&Prime; global_colors_info=\u00a0\u00bb{}\u00a0\u00bb][et_pb_column type=\u00a0\u00bb4_4&Prime; _builder_version=\u00a0\u00bb4.16&Prime; custom_padding=\u00a0\u00bb|||\u00a0\u00bb global_colors_info=\u00a0\u00bb{}\u00a0\u00bb custom_padding__hover=\u00a0\u00bb|||\u00a0\u00bb][et_pb_text admin_label=\u00a0\u00bbTitle &#038; Paragraph\u00a0\u00bb _builder_version=\u00a0\u00bb4.27.4&Prime; text_font=\u00a0\u00bbNoto Sans||||||||\u00a0\u00bb text_font_size=\u00a0\u00bb17px\u00a0\u00bb text_line_height=\u00a0\u00bb2em\u00a0\u00bb link_font=\u00a0\u00bb||||||||\u00a0\u00bb ul_font=\u00a0\u00bb||||||||\u00a0\u00bb ol_font=\u00a0\u00bb||||||||\u00a0\u00bb quote_font=\u00a0\u00bb||||||||\u00a0\u00bb header_font=\u00a0\u00bb||||||||\u00a0\u00bb header_text_align=\u00a0\u00bbcenter\u00a0\u00bb header_2_font=\u00a0\u00bbNoto Serif|700|||||||\u00a0\u00bb header_2_font_size=\u00a0\u00bb44px\u00a0\u00bb header_2_line_height=\u00a0\u00bb1.5em\u00a0\u00bb header_3_font=\u00a0\u00bb||||||||\u00a0\u00bb text_orientation=\u00a0\u00bbcenter\u00a0\u00bb max_width=\u00a0\u00bb800px\u00a0\u00bb max_width_tablet=\u00a0\u00bb\u00a0\u00bb max_width_phone=\u00a0\u00bb\u00a0\u00bb max_width_last_edited=\u00a0\u00bbon|phone\u00a0\u00bb module_alignment=\u00a0\u00bbcenter\u00a0\u00bb custom_margin=\u00a0\u00bb|||\u00a0\u00bb custom_padding=\u00a0\u00bb|||\u00a0\u00bb header_2_font_size_tablet=\u00a0\u00bb\u00a0\u00bb header_2_font_size_phone=\u00a0\u00bb34px\u00a0\u00bb header_2_font_size_last_edited=\u00a0\u00bbon|phone\u00a0\u00bb locked=\u00a0\u00bboff\u00a0\u00bb global_colors_info=\u00a0\u00bb{}\u00a0\u00bb]<\/p>\n<h2>Les fondateurs<\/h2>\n<p>[\/et_pb_text][et_pb_team_member name=\u00a0\u00bbBaba Simon  (1906-1975)\u00a0\u00bb position=\u00a0\u00bbPr\u00eatre\u00a0\u00bb image_url=\u00a0\u00bbhttps:\/\/ecolepourlavie-tokombere.org\/wp-content\/uploads\/2025\/09\/baba-simon2.png\u00a0\u00bb _builder_version=\u00a0\u00bb4.27.5&Prime; _module_preset=\u00a0\u00bbdefault\u00a0\u00bb global_colors_info=\u00a0\u00bb{}\u00a0\u00bb]<\/p>\n<p style=\"text-align: justify;\">En 1959, \u00e0 50 ans pass\u00e9s, <strong>Simon Mpeke, dit Baba Simon, une des huit premiers pr\u00eatres camerounais, <\/strong>, originaire du sud du pays, arrive \u00e0 Tokomb\u00e9r\u00e9, une zone de plaines, pi\u00e9monts et petites montagnes dans l&rsquo;extr\u00eame nord du pays. L\u00e0, il partage la vie des \u00ab\u00a0Kirdis\u00a0\u00bb, peuple isol\u00e9 et vivant dans une extr\u00eame pauvret\u00e9, compos\u00e9 de sept ethnies ayant chacune leur langue.<\/p>\n<p style=\"text-align: justify;\">La m\u00eame ann\u00e9e, un m\u00e9decin suisse, le docteur Guiseppe Maggi, ouvre \u00e0 Tokomb\u00e9r\u00e9 le premier h\u00f4pital de brousse de la r\u00e9gion.<br \/>C&rsquo;est le d\u00e9but d&rsquo;une grande aventure humaine et spirituelle.<br \/>Dans le <strong>respect de la culture et de la spiritualit\u00e9 monoth\u00e9iste locale<\/strong>, Baba Simon, marche, \u00e9coute, assiste, sans rien demander. Il vit dans une pauvret\u00e9 absolue tout en luttant contre la mis\u00e8re \u00ab\u00a0ennemie de l&rsquo;homme\u00a0\u00bb, la maladie, l&rsquo;injustice. Il t\u00e9moigne de sa foi simplement par sa vie. Tr\u00e8s vite il est reconnu par les chefs et les grands pr\u00eatres de la religion traditionnelle comme un homme de Dieu. Il ouvre l&rsquo;\u00e9cole Saint Joseph, car pour lui, \u00ab\u00a0l&rsquo;\u00e9cole est une cl\u00e9 pour la vie\u00a0\u00bb.<\/p>\n<p>[\/et_pb_team_member][et_pb_team_member name=\u00a0\u00bbChristian Aurenche (1940-2024)\u00a0\u00bb position=\u00a0\u00bbPr\u00eatre et m\u00e9decin\u00a0\u00bb image_url=\u00a0\u00bbhttps:\/\/ecolepourlavie-tokombere.org\/wp-content\/uploads\/2025\/09\/christian-e1758806646524.jpg\u00a0\u00bb _builder_version=\u00a0\u00bb4.27.5&Prime; _module_preset=\u00a0\u00bbdefault\u00a0\u00bb global_colors_info=\u00a0\u00bb{}\u00a0\u00bb]<\/p>\n<p><span style=\"color: #000000;\">En 1975, Christian Aurenche, m\u00e9decin et pr\u00eatre de la paroisse Saint Germain des Pr\u00e9s \u00e0 Paris, se passionne pour cette exp\u00e9rience et prend le relai de Baba Simon. Il consacre d\u00e9sormais sa vie \u00e0 d\u00e9velopper le Projet de Promotion Humaine de Tokomb\u00e9r\u00e9. Pendant plus de 40 ans, il met en avant la responsabilit\u00e9 des villageois et d\u00e9veloppe avec eux des actions dans tous les secteurs essentiels de la vie humaine, donnant \u00e0 ce projet la dimension globale et l&rsquo;ampleur qu&rsquo;il a aujourd&rsquo;hui. A la suite de l&rsquo;h\u00f4pital et de l&rsquo;\u00e9cole, se d\u00e9ploient le projet agricole, le coll\u00e8ge, la promotion f\u00e9minine, etc. Toujours en pla\u00e7ant l&rsquo;Homme, sa responsabilit\u00e9, sa dignit\u00e9 au c\u0153ur des actions et r\u00e9flexions men\u00e9es.<\/span><\/p>\n<p>[\/et_pb_team_member][\/et_pb_column][\/et_pb_row][\/et_pb_section][et_pb_section fb_built=\u00a0\u00bb1&Prime; disabled_on=\u00a0\u00bboff|off|off\u00a0\u00bb admin_label=\u00a0\u00bbFollow Along\u00a0\u00bb _builder_version=\u00a0\u00bb4.27.4&Prime; use_background_color_gradient=\u00a0\u00bbon\u00a0\u00bb background_color_gradient_stops=\u00a0\u00bb#ffffff 0%|rgba(255,255,255,0) 52%\u00a0\u00bb background_color_gradient_overlays_image=\u00a0\u00bbon\u00a0\u00bb background_color_gradient_start=\u00a0\u00bb#ffffff\u00a0\u00bb background_color_gradient_end=\u00a0\u00bbrgba(255,255,255,0)\u00a0\u00bb background_color_gradient_end_position=\u00a0\u00bb52%\u00a0\u00bb background_image=\u00a0\u00bbhttps:\/\/ecolepourlavie-tokombere.org\/wp-content\/uploads\/2025\/09\/village-et-femme-tokombere.png\u00a0\u00bb background_position=\u00a0\u00bbcenter_right\u00a0\u00bb custom_padding=\u00a0\u00bb||11vw|||\u00a0\u00bb global_module=\u00a0\u00bb126&Prime; saved_tabs=\u00a0\u00bball\u00a0\u00bb global_colors_info=\u00a0\u00bb{}\u00a0\u00bb][et_pb_row module_class=\u00a0\u00bb et_pb_row_fullwidth\u00a0\u00bb _builder_version=\u00a0\u00bb4.27.4&Prime; width=\u00a0\u00bb89%\u00a0\u00bb width_tablet=\u00a0\u00bb80%\u00a0\u00bb width_phone=\u00a0\u00bb80%\u00a0\u00bb width_last_edited=\u00a0\u00bbon|desktop\u00a0\u00bb max_width=\u00a0\u00bb89%\u00a0\u00bb max_width_tablet=\u00a0\u00bb80%\u00a0\u00bb max_width_phone=\u00a0\u00bb80%\u00a0\u00bb max_width_last_edited=\u00a0\u00bbon|desktop\u00a0\u00bb min_height=\u00a0\u00bb31px\u00a0\u00bb custom_margin=\u00a0\u00bb0px|||\u00a0\u00bb custom_padding=\u00a0\u00bb|||\u00a0\u00bb make_fullwidth=\u00a0\u00bbon\u00a0\u00bb global_colors_info=\u00a0\u00bb{}\u00a0\u00bb][et_pb_column type=\u00a0\u00bb4_4&Prime; _builder_version=\u00a0\u00bb4.16&Prime; custom_padding=\u00a0\u00bb|||\u00a0\u00bb global_colors_info=\u00a0\u00bb{}\u00a0\u00bb custom_padding__hover=\u00a0\u00bb|||\u00a0\u00bb][et_pb_button button_url=\u00a0\u00bb@ET-DC@eyJkeW5hbWljIjp0cnVlLCJjb250ZW50IjoicG9zdF9saW5rX3VybF9wYWdlIiwic2V0dGluZ3MiOnsicG9zdF9pZCI6IjY2OSJ9fQ==@\u00a0\u00bb button_text=\u00a0\u00bbNous soutenir\u00a0\u00bb button_alignment=\u00a0\u00bbcenter\u00a0\u00bb _builder_version=\u00a0\u00bb4.27.5&Prime; _dynamic_attributes=\u00a0\u00bbbutton_url\u00a0\u00bb _module_preset=\u00a0\u00bbdefault\u00a0\u00bb custom_button=\u00a0\u00bbon\u00a0\u00bb button_text_size=\u00a0\u00bb30px\u00a0\u00bb button_text_color=\u00a0\u00bb#cdea8f\u00a0\u00bb button_bg_color=\u00a0\u00bbRGBA(255,255,255,0)\u00a0\u00bb button_border_width=\u00a0\u00bb3px\u00a0\u00bb button_border_color=\u00a0\u00bbrgba(177,234,44,0.76)\u00a0\u00bb button_border_radius=\u00a0\u00bb18px\u00a0\u00bb button_letter_spacing=\u00a0\u00bb0px\u00a0\u00bb transform_scale=\u00a0\u00bb180%|126%\u00a0\u00bb transform_scale_linked=\u00a0\u00bboff\u00a0\u00bb transform_translate=\u00a0\u00bb-1px|-1px\u00a0\u00bb custom_margin=\u00a0\u00bb|||0px|false|false\u00a0\u00bb global_colors_info=\u00a0\u00bb{}\u00a0\u00bb][\/et_pb_button][\/et_pb_column][\/et_pb_row][\/et_pb_section]<\/p>\n","protected":false},"excerpt":{"rendered":"<p>Initi\u00e9 il y a plus de 50 ans, le Projet de Promotion Humaine de Tokomb\u00e9r\u00e9 -PPHT- au Nord Cameroun, est un projet global o\u00f9 l&rsquo;humain est premier dans toutes ses dimensions, physiques, morales, intellectuelles, spirituelles. Chaque homme, femme, y est acteur et participe au d\u00e9veloppement de la communaut\u00e9 tout enti\u00e8re. Plusieurs structures prennent chacune en [&hellip;]<\/p>\n","protected":false},"author":1,"featured_media":0,"parent":0,"menu_order":3,"comment_status":"closed","ping_status":"closed","template":"","meta":{"_et_pb_use_builder":"on","_et_pb_old_content":"","_et_gb_content_width":"","footnotes":""},"class_list":["post-133","page","type-page","status-publish","hentry"],"yoast_head":"<!-- This site is optimized with the Yoast SEO plugin v27.5 - https:\/\/yoast.com\/product\/yoast-seo-wordpress\/ -->\n<title>Les origines - Ecole pour la vie - Tokomb\u00e9r\u00e9<\/title>\n<meta name=\"description\" content=\"Initi\u00e9 il y a plus de 50 ans, le Projet de Promotion Humaine de Tokomb\u00e9r\u00e9 -PPHT- au Nord Cameroun, est un projet global o\u00f9 l\u2019homme est premier dans toutes ses dimensions, physique, morale, intellectuelle, spirituelle.\" \/>\n<meta name=\"robots\" content=\"index, follow, max-snippet:-1, max-image-preview:large, max-video-preview:-1\" \/>\n<link rel=\"canonical\" href=\"https:\/\/ecolepourlavie-tokombere.org\/index.php\/les-origines\/\" \/>\n<meta property=\"og:locale\" content=\"fr_FR\" \/>\n<meta property=\"og:type\" content=\"article\" \/>\n<meta property=\"og:title\" content=\"Les origines - Ecole pour la vie - Tokomb\u00e9r\u00e9\" \/>\n<meta property=\"og:description\" content=\"Initi\u00e9 il y a plus de 50 ans, le Projet de Promotion Humaine de Tokomb\u00e9r\u00e9 -PPHT- au Nord Cameroun, est un projet global o\u00f9 l\u2019homme est premier dans toutes ses dimensions, physique, morale, intellectuelle, spirituelle.\" \/>\n<meta property=\"og:url\" content=\"https:\/\/ecolepourlavie-tokombere.org\/index.php\/les-origines\/\" \/>\n<meta property=\"og:site_name\" content=\"Ecole pour la vie - Tokomb\u00e9r\u00e9\" \/>\n<meta property=\"article:modified_time\" content=\"2026-02-16T14:28:19+00:00\" \/>\n<meta name=\"twitter:card\" content=\"summary_large_image\" \/>\n<meta name=\"twitter:label1\" content=\"Dur\u00e9e de lecture estim\u00e9e\" \/>\n\t<meta name=\"twitter:data1\" content=\"3 minutes\" \/>\n<script type=\"application\/ld+json\" class=\"yoast-schema-graph\">{\"@context\":\"https:\\\/\\\/schema.org\",\"@graph\":[{\"@type\":\"WebPage\",\"@id\":\"https:\\\/\\\/ecolepourlavie-tokombere.org\\\/index.php\\\/les-origines\\\/\",\"url\":\"https:\\\/\\\/ecolepourlavie-tokombere.org\\\/index.php\\\/les-origines\\\/\",\"name\":\"Les origines - Ecole pour la vie - Tokomb\u00e9r\u00e9\",\"isPartOf\":{\"@id\":\"https:\\\/\\\/ecolepourlavie-tokombere.org\\\/#website\"},\"datePublished\":\"2025-09-25T13:25:57+00:00\",\"dateModified\":\"2026-02-16T14:28:19+00:00\",\"description\":\"Initi\u00e9 il y a plus de 50 ans, le Projet de Promotion Humaine de Tokomb\u00e9r\u00e9 -PPHT- au Nord Cameroun, est un projet global o\u00f9 l\u2019homme est premier dans toutes ses dimensions, physique, morale, intellectuelle, spirituelle.\",\"breadcrumb\":{\"@id\":\"https:\\\/\\\/ecolepourlavie-tokombere.org\\\/index.php\\\/les-origines\\\/#breadcrumb\"},\"inLanguage\":\"fr-FR\",\"potentialAction\":[{\"@type\":\"ReadAction\",\"target\":[\"https:\\\/\\\/ecolepourlavie-tokombere.org\\\/index.php\\\/les-origines\\\/\"]}]},{\"@type\":\"BreadcrumbList\",\"@id\":\"https:\\\/\\\/ecolepourlavie-tokombere.org\\\/index.php\\\/les-origines\\\/#breadcrumb\",\"itemListElement\":[{\"@type\":\"ListItem\",\"position\":1,\"name\":\"Accueil\",\"item\":\"https:\\\/\\\/ecolepourlavie-tokombere.org\\\/\"},{\"@type\":\"ListItem\",\"position\":2,\"name\":\"Les origines\"}]},{\"@type\":\"WebSite\",\"@id\":\"https:\\\/\\\/ecolepourlavie-tokombere.org\\\/#website\",\"url\":\"https:\\\/\\\/ecolepourlavie-tokombere.org\\\/\",\"name\":\"Ecole pour la vie - Tokomb\u00e9r\u00e9\",\"description\":\"\",\"publisher\":{\"@id\":\"https:\\\/\\\/ecolepourlavie-tokombere.org\\\/#organization\"},\"potentialAction\":[{\"@type\":\"SearchAction\",\"target\":{\"@type\":\"EntryPoint\",\"urlTemplate\":\"https:\\\/\\\/ecolepourlavie-tokombere.org\\\/?s={search_term_string}\"},\"query-input\":{\"@type\":\"PropertyValueSpecification\",\"valueRequired\":true,\"valueName\":\"search_term_string\"}}],\"inLanguage\":\"fr-FR\"},{\"@type\":\"Organization\",\"@id\":\"https:\\\/\\\/ecolepourlavie-tokombere.org\\\/#organization\",\"name\":\"Ecole pour la vie\",\"url\":\"https:\\\/\\\/ecolepourlavie-tokombere.org\\\/\",\"logo\":{\"@type\":\"ImageObject\",\"inLanguage\":\"fr-FR\",\"@id\":\"https:\\\/\\\/ecolepourlavie-tokombere.org\\\/#\\\/schema\\\/logo\\\/image\\\/\",\"url\":\"https:\\\/\\\/ecolepourlavie-tokombere.org\\\/wp-content\\\/uploads\\\/2025\\\/09\\\/cropped-logo-ecole-pour-la-vie-1.png\",\"contentUrl\":\"https:\\\/\\\/ecolepourlavie-tokombere.org\\\/wp-content\\\/uploads\\\/2025\\\/09\\\/cropped-logo-ecole-pour-la-vie-1.png\",\"width\":512,\"height\":512,\"caption\":\"Ecole pour la vie\"},\"image\":{\"@id\":\"https:\\\/\\\/ecolepourlavie-tokombere.org\\\/#\\\/schema\\\/logo\\\/image\\\/\"}}]}<\/script>\n<!-- \/ Yoast SEO plugin. -->","yoast_head_json":{"title":"Les origines - Ecole pour la vie - Tokomb\u00e9r\u00e9","description":"Initi\u00e9 il y a plus de 50 ans, le Projet de Promotion Humaine de Tokomb\u00e9r\u00e9 -PPHT- au Nord Cameroun, est un projet global o\u00f9 l\u2019homme est premier dans toutes ses dimensions, physique, morale, intellectuelle, spirituelle.","robots":{"index":"index","follow":"follow","max-snippet":"max-snippet:-1","max-image-preview":"max-image-preview:large","max-video-preview":"max-video-preview:-1"},"canonical":"https:\/\/ecolepourlavie-tokombere.org\/index.php\/les-origines\/","og_locale":"fr_FR","og_type":"article","og_title":"Les origines - Ecole pour la vie - Tokomb\u00e9r\u00e9","og_description":"Initi\u00e9 il y a plus de 50 ans, le Projet de Promotion Humaine de Tokomb\u00e9r\u00e9 -PPHT- au Nord Cameroun, est un projet global o\u00f9 l\u2019homme est premier dans toutes ses dimensions, physique, morale, intellectuelle, spirituelle.","og_url":"https:\/\/ecolepourlavie-tokombere.org\/index.php\/les-origines\/","og_site_name":"Ecole pour la vie - Tokomb\u00e9r\u00e9","article_modified_time":"2026-02-16T14:28:19+00:00","twitter_card":"summary_large_image","twitter_misc":{"Dur\u00e9e de lecture estim\u00e9e":"3 minutes"},"schema":{"@context":"https:\/\/schema.org","@graph":[{"@type":"WebPage","@id":"https:\/\/ecolepourlavie-tokombere.org\/index.php\/les-origines\/","url":"https:\/\/ecolepourlavie-tokombere.org\/index.php\/les-origines\/","name":"Les origines - Ecole pour la vie - Tokomb\u00e9r\u00e9","isPartOf":{"@id":"https:\/\/ecolepourlavie-tokombere.org\/#website"},"datePublished":"2025-09-25T13:25:57+00:00","dateModified":"2026-02-16T14:28:19+00:00","description":"Initi\u00e9 il y a plus de 50 ans, le Projet de Promotion Humaine de Tokomb\u00e9r\u00e9 -PPHT- au Nord Cameroun, est un projet global o\u00f9 l\u2019homme est premier dans toutes ses dimensions, physique, morale, intellectuelle, spirituelle.","breadcrumb":{"@id":"https:\/\/ecolepourlavie-tokombere.org\/index.php\/les-origines\/#breadcrumb"},"inLanguage":"fr-FR","potentialAction":[{"@type":"ReadAction","target":["https:\/\/ecolepourlavie-tokombere.org\/index.php\/les-origines\/"]}]},{"@type":"BreadcrumbList","@id":"https:\/\/ecolepourlavie-tokombere.org\/index.php\/les-origines\/#breadcrumb","itemListElement":[{"@type":"ListItem","position":1,"name":"Accueil","item":"https:\/\/ecolepourlavie-tokombere.org\/"},{"@type":"ListItem","position":2,"name":"Les origines"}]},{"@type":"WebSite","@id":"https:\/\/ecolepourlavie-tokombere.org\/#website","url":"https:\/\/ecolepourlavie-tokombere.org\/","name":"Ecole pour la vie - Tokomb\u00e9r\u00e9","description":"","publisher":{"@id":"https:\/\/ecolepourlavie-tokombere.org\/#organization"},"potentialAction":[{"@type":"SearchAction","target":{"@type":"EntryPoint","urlTemplate":"https:\/\/ecolepourlavie-tokombere.org\/?s={search_term_string}"},"query-input":{"@type":"PropertyValueSpecification","valueRequired":true,"valueName":"search_term_string"}}],"inLanguage":"fr-FR"},{"@type":"Organization","@id":"https:\/\/ecolepourlavie-tokombere.org\/#organization","name":"Ecole pour la vie","url":"https:\/\/ecolepourlavie-tokombere.org\/","logo":{"@type":"ImageObject","inLanguage":"fr-FR","@id":"https:\/\/ecolepourlavie-tokombere.org\/#\/schema\/logo\/image\/","url":"https:\/\/ecolepourlavie-tokombere.org\/wp-content\/uploads\/2025\/09\/cropped-logo-ecole-pour-la-vie-1.png","contentUrl":"https:\/\/ecolepourlavie-tokombere.org\/wp-content\/uploads\/2025\/09\/cropped-logo-ecole-pour-la-vie-1.png","width":512,"height":512,"caption":"Ecole pour la vie"},"image":{"@id":"https:\/\/ecolepourlavie-tokombere.org\/#\/schema\/logo\/image\/"}}]}},"_links":{"self":[{"href":"https:\/\/ecolepourlavie-tokombere.org\/index.php\/wp-json\/wp\/v2\/pages\/133","targetHints":{"allow":["GET"]}}],"collection":[{"href":"https:\/\/ecolepourlavie-tokombere.org\/index.php\/wp-json\/wp\/v2\/pages"}],"about":[{"href":"https:\/\/ecolepourlavie-tokombere.org\/index.php\/wp-json\/wp\/v2\/types\/page"}],"author":[{"embeddable":true,"href":"https:\/\/ecolepourlavie-tokombere.org\/index.php\/wp-json\/wp\/v2\/users\/1"}],"replies":[{"embeddable":true,"href":"https:\/\/ecolepourlavie-tokombere.org\/index.php\/wp-json\/wp\/v2\/comments?post=133"}],"version-history":[{"count":11,"href":"https:\/\/ecolepourlavie-tokombere.org\/index.php\/wp-json\/wp\/v2\/pages\/133\/revisions"}],"predecessor-version":[{"id":791,"href":"https:\/\/ecolepourlavie-tokombere.org\/index.php\/wp-json\/wp\/v2\/pages\/133\/revisions\/791"}],"wp:attachment":[{"href":"https:\/\/ecolepourlavie-tokombere.org\/index.php\/wp-json\/wp\/v2\/media?parent=133"}],"curies":[{"name":"wp","href":"https:\/\/api.w.org\/{rel}","templated":true}]}}