{"id":598,"date":"2026-01-02T18:57:38","date_gmt":"2026-01-02T18:57:38","guid":{"rendered":"https:\/\/ecolepourlavie-tokombere.org\/?page_id=598"},"modified":"2026-02-20T15:56:39","modified_gmt":"2026-02-20T15:56:39","slug":"actualites-2","status":"publish","type":"page","link":"https:\/\/ecolepourlavie-tokombere.org\/index.php\/actualites-2\/","title":{"rendered":"Actualit\u00e9s"},"content":{"rendered":"<p>[et_pb_section fb_built=\u00a0\u00bb1&Prime; fullwidth=\u00a0\u00bbon\u00a0\u00bb admin_label=\u00a0\u00bbHeader\u00a0\u00bb _builder_version=\u00a0\u00bb4.16&Prime; background_color=\u00a0\u00bb#b7b9c7&Prime; custom_padding=\u00a0\u00bb0px|0|0px|0px|false|false\u00a0\u00bb locked=\u00a0\u00bboff\u00a0\u00bb global_colors_info=\u00a0\u00bb{}\u00a0\u00bb][et_pb_fullwidth_header title=\u00a0\u00bbLes actualit\u00e9s\u00a0\u00bb subhead=\u00a0\u00bbLes nouvelles qui nous relient au coll\u00e8ge Baba Simon\u00a0\u00bb text_orientation=\u00a0\u00bbcenter\u00a0\u00bb background_overlay_color=\u00a0\u00bbrgba(83,90,128,0.3)\u00a0\u00bb content_max_width=\u00a0\u00bb90%\u00a0\u00bb _builder_version=\u00a0\u00bb4.27.4&Prime; title_font=\u00a0\u00bbNoto Serif|700|||||||\u00a0\u00bb title_text_align=\u00a0\u00bbcenter\u00a0\u00bb title_font_size=\u00a0\u00bb70px\u00a0\u00bb title_line_height=\u00a0\u00bb1.1em\u00a0\u00bb content_font=\u00a0\u00bbNoto Sans||||||||\u00a0\u00bb content_font_size=\u00a0\u00bb18px\u00a0\u00bb content_line_height=\u00a0\u00bb2.3em\u00a0\u00bb subhead_font=\u00a0\u00bbNoto Sans||||||||\u00a0\u00bb subhead_text_align=\u00a0\u00bbcenter\u00a0\u00bb subhead_font_size=\u00a0\u00bb30px\u00a0\u00bb subhead_line_height=\u00a0\u00bb2em\u00a0\u00bb background_color=\u00a0\u00bb#DFB758&Prime; background_image=\u00a0\u00bbhttps:\/\/ecolepourlavie-tokombere.org\/wp-content\/uploads\/2025\/09\/img-23.jpg\u00a0\u00bb parallax=\u00a0\u00bbon\u00a0\u00bb parallax_method=\u00a0\u00bbon\u00a0\u00bb custom_button_one=\u00a0\u00bbon\u00a0\u00bb button_one_text_size=\u00a0\u00bb17px\u00a0\u00bb button_one_text_color=\u00a0\u00bb#ffffff\u00a0\u00bb button_one_bg_color=\u00a0\u00bb#ff6b5a\u00a0\u00bb button_one_border_width=\u00a0\u00bb7px\u00a0\u00bb button_one_border_color=\u00a0\u00bb#ff6b5a\u00a0\u00bb button_one_border_radius=\u00a0\u00bb100px\u00a0\u00bb button_one_font=\u00a0\u00bbNoto Sans|700||on|||||\u00a0\u00bb button_one_use_icon=\u00a0\u00bboff\u00a0\u00bb min_height=\u00a0\u00bb314px\u00a0\u00bb custom_margin=\u00a0\u00bb-5px||||false|false\u00a0\u00bb custom_padding=\u00a0\u00bb0px||0px||true|\u00a0\u00bb custom_padding_tablet=\u00a0\u00bb100px|||\u00a0\u00bb custom_padding_phone=\u00a0\u00bb\u00a0\u00bb custom_padding_last_edited=\u00a0\u00bbon|phone\u00a0\u00bb animation_style=\u00a0\u00bbfade\u00a0\u00bb animation_direction=\u00a0\u00bbtop\u00a0\u00bb title_font_size_tablet=\u00a0\u00bb40px\u00a0\u00bb title_font_size_phone=\u00a0\u00bb\u00a0\u00bb title_font_size_last_edited=\u00a0\u00bbon|tablet\u00a0\u00bb subhead_font_size_tablet=\u00a0\u00bb\u00a0\u00bb subhead_font_size_phone=\u00a0\u00bb20px\u00a0\u00bb subhead_font_size_last_edited=\u00a0\u00bbon|desktop\u00a0\u00bb subhead_line_height_tablet=\u00a0\u00bb\u00a0\u00bb subhead_line_height_phone=\u00a0\u00bb1.5em\u00a0\u00bb subhead_line_height_last_edited=\u00a0\u00bbon|phone\u00a0\u00bb border_width_all=\u00a0\u00bb2px\u00a0\u00bb border_color_all=\u00a0\u00bb#474747&Prime; button_one_text_color_hover=\u00a0\u00bb#ffffff\u00a0\u00bb button_one_border_color_hover=\u00a0\u00bb#ff9e59&Prime; button_one_border_radius_hover=\u00a0\u00bb100px\u00a0\u00bb button_one_bg_color_hover=\u00a0\u00bb#ff9e59&Prime; global_colors_info=\u00a0\u00bb{}\u00a0\u00bb button_one_text_size__hover_enabled=\u00a0\u00bboff\u00a0\u00bb button_two_text_size__hover_enabled=\u00a0\u00bboff\u00a0\u00bb button_one_text_color__hover_enabled=\u00a0\u00bbon\u00a0\u00bb button_one_text_color__hover=\u00a0\u00bb#ffffff\u00a0\u00bb button_two_text_color__hover_enabled=\u00a0\u00bboff\u00a0\u00bb button_one_border_width__hover_enabled=\u00a0\u00bboff\u00a0\u00bb button_two_border_width__hover_enabled=\u00a0\u00bboff\u00a0\u00bb button_one_border_color__hover_enabled=\u00a0\u00bbon\u00a0\u00bb button_one_border_color__hover=\u00a0\u00bb#ff9e59&Prime; button_two_border_color__hover_enabled=\u00a0\u00bboff\u00a0\u00bb button_one_border_radius__hover_enabled=\u00a0\u00bbon\u00a0\u00bb button_one_border_radius__hover=\u00a0\u00bb100px\u00a0\u00bb button_two_border_radius__hover_enabled=\u00a0\u00bboff\u00a0\u00bb button_one_letter_spacing__hover_enabled=\u00a0\u00bboff\u00a0\u00bb button_two_letter_spacing__hover_enabled=\u00a0\u00bboff\u00a0\u00bb button_one_bg_color__hover_enabled=\u00a0\u00bbon\u00a0\u00bb button_one_bg_color__hover=\u00a0\u00bb#ff9e59&Prime; button_two_bg_color__hover_enabled=\u00a0\u00bboff\u00a0\u00bb][\/et_pb_fullwidth_header][\/et_pb_section][et_pb_section fb_built=\u00a0\u00bb1&Prime; _builder_version=\u00a0\u00bb4.27.4&Prime; _module_preset=\u00a0\u00bbdefault\u00a0\u00bb background_enable_color=\u00a0\u00bboff\u00a0\u00bb global_colors_info=\u00a0\u00bb{}\u00a0\u00bb][et_pb_row _builder_version=\u00a0\u00bb4.27.4&Prime; _module_preset=\u00a0\u00bbdefault\u00a0\u00bb background_enable_color=\u00a0\u00bboff\u00a0\u00bb min_height=\u00a0\u00bb1255.2px\u00a0\u00bb global_colors_info=\u00a0\u00bb{}\u00a0\u00bb][et_pb_column type=\u00a0\u00bb4_4&Prime; _builder_version=\u00a0\u00bb4.27.4&Prime; _module_preset=\u00a0\u00bbdefault\u00a0\u00bb global_colors_info=\u00a0\u00bb{}\u00a0\u00bb][et_pb_cta title=\u00a0\u00bbASSEMBLEE GENERALE 2026&Prime; _builder_version=\u00a0\u00bb4.27.5&Prime; _module_preset=\u00a0\u00bbdefault\u00a0\u00bb header_level=\u00a0\u00bbh3&Prime; header_font_size=\u00a0\u00bb34px\u00a0\u00bb body_font_size=\u00a0\u00bb20px\u00a0\u00bb background_color=\u00a0\u00bb#F0B800&Prime; custom_margin=\u00a0\u00bb||44px|||\u00a0\u00bb hover_enabled=\u00a0\u00bb0&Prime; border_width_all=\u00a0\u00bb3px\u00a0\u00bb border_color_all=\u00a0\u00bb#000000&Prime; global_colors_info=\u00a0\u00bb{}\u00a0\u00bb sticky_enabled=\u00a0\u00bb0&Prime;]<\/p>\n<p><strong>Notre assembl\u00e9e g\u00e9n\u00e9rale aura lieu le 24 mars \u00e0 19h salle Potrain de l&rsquo;\u00e9v\u00each\u00e9 de Cr\u00e9teil.<\/strong>*<\/p>\n<p>Une intervention de Foudama, actuellement en France pour ses \u00e9tudes et ancien \u00e9l\u00e8ve du coll\u00e8ge\/lyc\u00e9e viendra t\u00e9moigner et parler du pays actuellement.<\/p>\n<h3><em>\u00ab\u00a0Malgr\u00e9 tout&#8230; des signes d&rsquo;esp\u00e9rance au Cameroun\u00a0\u00bb.<\/em><\/h3>\n<p><em><\/em><\/p>\n<p>*2 avenue pasteur Vallery Radot sous la cath\u00e9drale, acc\u00e8s par le c\u00f4t\u00e9 gauche.<\/p>\n<p>[\/et_pb_cta][et_pb_accordion _builder_version=\u00a0\u00bb4.27.5&Prime; _module_preset=\u00a0\u00bbdefault\u00a0\u00bb body_font_size=\u00a0\u00bb17px\u00a0\u00bb background_enable_color=\u00a0\u00bboff\u00a0\u00bb background_enable_image=\u00a0\u00bboff\u00a0\u00bb min_height=\u00a0\u00bb1008.2px\u00a0\u00bb custom_margin=\u00a0\u00bb-15px|||||\u00a0\u00bb hover_enabled=\u00a0\u00bb0&Prime; global_colors_info=\u00a0\u00bb{}\u00a0\u00bb sticky_enabled=\u00a0\u00bb0&Prime;][et_pb_accordion_item title=\u00a0\u00bbF\u00caTE DES 35 ANS DU COLLEGE BABA SIMON\u00a0\u00bb open=\u00a0\u00bbon\u00a0\u00bb _builder_version=\u00a0\u00bb4.27.4&Prime; _module_preset=\u00a0\u00bbdefault\u00a0\u00bb background_color=\u00a0\u00bb#DFEAC7&Prime; background_enable_color=\u00a0\u00bbon\u00a0\u00bb border_width_all=\u00a0\u00bb4px\u00a0\u00bb border_color_all=\u00a0\u00bb#12876F\u00a0\u00bb global_colors_info=\u00a0\u00bb{}\u00a0\u00bb toggle_text_align=\u00a0\u00bbcenter\u00a0\u00bb toggle_font_size=\u00a0\u00bb30px\u00a0\u00bb]<\/p>\n<p style=\"text-align: center;\"><img loading=\"lazy\" decoding=\"async\" src=\"https:\/\/ecolepourlavie-tokombere.org\/wp-content\/uploads\/2025\/12\/FestiTOK2025V9_250601_192437_1-212x300.jpg\" width=\"212\" height=\"300\" alt=\"\" class=\"wp-image-585 alignnone size-medium\" \/><\/p>\n<p>Le dimanche 12 octobre 2025 par une journ\u00e9e de beau temps, l&rsquo;association Ecole pour la Vie a r\u00e9uni un grand nombre de personnes, en pr\u00e9sence de Victor Eboh, directeur du coll\u00e8ge, de Philippe Delorme, ancien secr\u00e9taire g\u00e9n\u00e9ral de l&rsquo;enseignement catholique et d&rsquo;anciens \u00e9l\u00e8ves du coll\u00e8ge.<\/p>\n<p>Apr\u00e8s une matin\u00e9e de pr\u00e9sentation du coll\u00e8ge, de t\u00e9moignages marquants, le repas s&rsquo;est d\u00e9roul\u00e9 au soleil d&rsquo;automne. Puis des professeurs et de nombreux \u00e9l\u00e8ves ont particip\u00e9 avec enthousiasme \u00e0\u00a0 l&rsquo;organisation et \u00e0 l&rsquo;accueil du public de cette journ\u00e9e\u00a0 festive et r\u00e9ussie avec ateliers, jeux, buvette, spectacles de jeunes \u00e9l\u00e8ves de primaire et de lyc\u00e9ens.\u00a0<\/p>\n<p>La journ\u00e9e s&rsquo;est termin\u00e9e avec une messe dite par notre \u00e9v\u00eaque Monseigneur Blanchet dans l&rsquo;\u00e9glise St Nicolas de St Maur.<\/p>\n<p style=\"text-align: center;\">\u00a0 \u00a0 \u00a0 \u00a0<img loading=\"lazy\" decoding=\"async\" src=\"https:\/\/ecolepourlavie-tokombere.org\/wp-content\/uploads\/2025\/12\/IMG_5666-scaled-e1765383531130-230x300.jpg\" width=\"230\" height=\"300\" alt=\"\" class=\"wp-image-586 alignnone size-medium\" \/>\u00a0 \u00a0 <img loading=\"lazy\" decoding=\"async\" src=\"https:\/\/ecolepourlavie-tokombere.org\/wp-content\/uploads\/2025\/12\/IMG_5654-1-scaled-e1764956768969-300x209.jpg\" width=\"320\" height=\"223\" alt=\"\" class=\"wp-image-560 alignnone size-medium\" \/>\u00a0 \u00a0 <img loading=\"lazy\" decoding=\"async\" src=\"https:\/\/ecolepourlavie-tokombere.org\/wp-content\/uploads\/2025\/12\/IMG_5649-300x225.jpg\" width=\"300\" height=\"225\" alt=\"\" class=\"wp-image-558 alignnone size-medium\" \/><\/p>\n<p>[\/et_pb_accordion_item][\/et_pb_accordion][\/et_pb_column][\/et_pb_row][\/et_pb_section][et_pb_section fb_built=\u00a0\u00bb1&Prime; _builder_version=\u00a0\u00bb4.27.4&Prime; _module_preset=\u00a0\u00bbdefault\u00a0\u00bb background_color=\u00a0\u00bb#FFFFFF\u00a0\u00bb custom_margin=\u00a0\u00bb-179px||0px||false|false\u00a0\u00bb custom_padding=\u00a0\u00bb0px||0px||false|false\u00a0\u00bb global_colors_info=\u00a0\u00bb{}\u00a0\u00bb][et_pb_row _builder_version=\u00a0\u00bb4.27.4&Prime; _module_preset=\u00a0\u00bbdefault\u00a0\u00bb background_color=\u00a0\u00bbRGBA(255,255,255,0)\u00a0\u00bb custom_margin=\u00a0\u00bb-15px|auto|-6px|auto|false|false\u00a0\u00bb custom_padding=\u00a0\u00bb43px||7px||false|false\u00a0\u00bb global_colors_info=\u00a0\u00bb{}\u00a0\u00bb][et_pb_column type=\u00a0\u00bb4_4&Prime; _builder_version=\u00a0\u00bb4.27.4&Prime; _module_preset=\u00a0\u00bbdefault\u00a0\u00bb global_colors_info=\u00a0\u00bb{}\u00a0\u00bb][et_pb_slider _builder_version=\u00a0\u00bb4.27.5&Prime; _module_preset=\u00a0\u00bbdefault\u00a0\u00bb body_text_color=\u00a0\u00bb#FFFFFF\u00a0\u00bb body_font_size=\u00a0\u00bb21px\u00a0\u00bb background_color=\u00a0\u00bb#0C71C3&Prime; use_background_color_gradient=\u00a0\u00bbon\u00a0\u00bb background_color_gradient_stops=\u00a0\u00bb#2b87da 0%|#29c4a9 96%\u00a0\u00bb min_height=\u00a0\u00bb369.5px\u00a0\u00bb custom_margin=\u00a0\u00bb45px||45px||false|false\u00a0\u00bb custom_padding=\u00a0\u00bb50px||80px||false|false\u00a0\u00bb hover_enabled=\u00a0\u00bb0&Prime; border_width_all=\u00a0\u00bb5px\u00a0\u00bb border_radii_image=\u00a0\u00bboff||||\u00a0\u00bb global_colors_info=\u00a0\u00bb{}\u00a0\u00bb sticky_enabled=\u00a0\u00bb0&Prime;][et_pb_slide heading=\u00a0\u00bbColloque BABA SIMON: le d\u00e9fi de la rencontre\u00a0\u00bb _builder_version=\u00a0\u00bb4.27.4&Prime; _module_preset=\u00a0\u00bbdefault\u00a0\u00bb header_font_size=\u00a0\u00bb32px\u00a0\u00bb global_colors_info=\u00a0\u00bb{}\u00a0\u00bb sticky_transition=\u00a0\u00bbon\u00a0\u00bb]<\/p>\n<p><img loading=\"lazy\" decoding=\"async\" src=\"https:\/\/ecolepourlavie-tokombere.org\/wp-content\/uploads\/2025\/11\/IMG-20241124-WA00031-300x135.jpg\" width=\"502\" height=\"226\" alt=\"\" class=\"wp-image-358 alignnone size-medium\" \/><\/p>\n<p>&nbsp;<\/p>\n<p>Le 23 novembre 2024 un colloque s&rsquo;est d\u00e9roul\u00e9 \u00e0 paris, organis\u00e9 par la f\u00e9d\u00e9ration des associations INTERTOK.<\/p>\n<p>Elle a r\u00e9uni des intervenants de France et du Cameroun venus pour cet \u00e9v\u00e8nement.<\/p>\n<p>Il s&rsquo;agissait de partager des r\u00e9flexions et observations autour de la figure et de la spiritualit\u00e9 de Simon Mpeke: \u00ab\u00a0L&rsquo;\u00e9vangile n&rsquo;a pas de couleur\u00a0\u00bb a dit Mgr Samuel Kleda, archev\u00eaque de Douala.<\/p>\n<p>[\/et_pb_slide][\/et_pb_slider][et_pb_accordion _builder_version=\u00a0\u00bb4.27.5&Prime; _module_preset=\u00a0\u00bbdefault\u00a0\u00bb body_font_size=\u00a0\u00bb17px\u00a0\u00bb custom_margin=\u00a0\u00bb-15px|||||\u00a0\u00bb hover_enabled=\u00a0\u00bb0&Prime; global_colors_info=\u00a0\u00bb{}\u00a0\u00bb sticky_enabled=\u00a0\u00bb0&Prime;][et_pb_accordion_item title=\u00a0\u00bbSEMINAIRE DES EV\u00caQUES CAMEROUNAIS   JANVIER  2024&Prime; open=\u00a0\u00bbon\u00a0\u00bb _builder_version=\u00a0\u00bb4.27.5&Prime; _module_preset=\u00a0\u00bbdefault\u00a0\u00bb border_width_all=\u00a0\u00bb4px\u00a0\u00bb border_color_all=\u00a0\u00bb#DFB758&Prime; global_colors_info=\u00a0\u00bb{}\u00a0\u00bb toggle_text_align=\u00a0\u00bbcenter\u00a0\u00bb toggle_font_size=\u00a0\u00bb31px\u00a0\u00bb]<\/p>\n<p>Pour marquer la reconnaissance du pape Fran\u00e7ois envers Baba Simon, reconnu V\u00e9n\u00e9rable en 2023, les \u00e9v\u00eaques du Cameroun se sont rendus \u00e0 Tokomb\u00e9r\u00e9 pour leur s\u00e9minaire annuel. Munis d\u2019un chapeau et d\u2019un b\u00e2ton, accompagn\u00e9s de tr\u00e8s nombreux paroissiens, ils ont grimp\u00e9 sur la montagne Baba Simon, aid\u00e9s par les \u00e9l\u00e8ves du coll\u00e8ge, jusqu\u2019au lieu de pri\u00e8re o\u00f9 Baba Simon venait se recueillir.<\/p>\n<p><img loading=\"lazy\" decoding=\"async\" src=\"https:\/\/ecolepourlavie-tokombere.org\/wp-content\/uploads\/2025\/11\/2-1-2024-01-seminaire-des-eveques-300x192.png\" width=\"325\" height=\"208\" alt=\"\" class=\"wp-image-430 alignnone size-medium\" style=\"display: block; margin-left: auto; margin-right: auto;\" \/><\/p>\n<p>[\/et_pb_accordion_item][\/et_pb_accordion][et_pb_accordion _builder_version=\u00a0\u00bb4.27.5&Prime; _module_preset=\u00a0\u00bbdefault\u00a0\u00bb body_font_size=\u00a0\u00bb17px\u00a0\u00bb hover_enabled=\u00a0\u00bb0&Prime; border_width_all=\u00a0\u00bb3px\u00a0\u00bb border_color_all=\u00a0\u00bb#88C4DD\u00a0\u00bb global_colors_info=\u00a0\u00bb{}\u00a0\u00bb sticky_enabled=\u00a0\u00bb0&Prime;][et_pb_accordion_item title=\u00a0\u00bb                F\u00caTE DE LA JEUNESSE \u00a0\u00bb open=\u00a0\u00bbon\u00a0\u00bb _builder_version=\u00a0\u00bb4.27.5&Prime; _module_preset=\u00a0\u00bbdefault\u00a0\u00bb hover_enabled=\u00a0\u00bb0&Prime; border_width_all=\u00a0\u00bb5px\u00a0\u00bb border_color_all=\u00a0\u00bb#88C4DD\u00a0\u00bb global_colors_info=\u00a0\u00bb{}\u00a0\u00bb toggle_text_align=\u00a0\u00bbcenter\u00a0\u00bb toggle_font_size=\u00a0\u00bb33px\u00a0\u00bb sticky_enabled=\u00a0\u00bb0&Prime;]<\/p>\n<p style=\"padding-left: 40px; text-align: center;\"><img loading=\"lazy\" decoding=\"async\" src=\"https:\/\/ecolepourlavie-tokombere.org\/wp-content\/uploads\/2025\/10\/2-2-fete-des-ecoles-2024-02-.png\" width=\"299\" height=\"209\" alt=\"\" class=\"wp-image-258 alignnone size-full\" \/><img loading=\"lazy\" decoding=\"async\" src=\"https:\/\/ecolepourlavie-tokombere.org\/wp-content\/uploads\/2025\/11\/2-3-2024-02-fete-des-ecoles-2.png\" width=\"289\" height=\"207\" alt=\"\" class=\"wp-image-444 alignnone size-full\" \/><\/p>\n<p><strong>La f\u00eate de la jeunesse du 11 f\u00e9vrier <\/strong>comm\u00e9more le rattachement des deux Cameroun britannique et fran\u00e7ais en 1961. C&rsquo;est\u00a0 une f\u00eate joyeuse de \u00ab\u00a0vivre ensemble\u00a0\u00bb, et de reconnaissance de\u00a0 cette force active qu&rsquo;est la jeunesse au Cameroun. C&rsquo;est l\u2019occasion d\u2019un d\u00e9fil\u00e9 des \u00e9coles du pays. Les \u00e9l\u00e8ves des nombreuses \u00e9coles et \u00e9tablissements secondaires de l\u2019arrondissement de Tokomb\u00e9r\u00e9 sont bien entra\u00een\u00e9s. En 2024, et en 2025, le premier prix a \u00e9t\u00e9 d\u00e9cern\u00e9 au coll\u00e8ge Baba Simon!\u00a0<span style=\"text-decoration: line-through;\"><\/span><\/p>\n<p>[\/et_pb_accordion_item][\/et_pb_accordion][et_pb_accordion _builder_version=\u00a0\u00bb4.27.5&Prime; _module_preset=\u00a0\u00bbdefault\u00a0\u00bb hover_enabled=\u00a0\u00bb0&Prime; border_width_all=\u00a0\u00bb2px\u00a0\u00bb border_color_all=\u00a0\u00bb#12876F\u00a0\u00bb global_colors_info=\u00a0\u00bb{}\u00a0\u00bb sticky_enabled=\u00a0\u00bb0&Prime;][et_pb_accordion_item title=\u00a0\u00bbPELERINAGE DIOCESAIN FEVRIER 2024&Prime; open=\u00a0\u00bbon\u00a0\u00bb _builder_version=\u00a0\u00bb4.27.5&Prime; _module_preset=\u00a0\u00bbdefault\u00a0\u00bb custom_margin=\u00a0\u00bb||0px||false|false\u00a0\u00bb hover_enabled=\u00a0\u00bb0&Prime; border_width_all=\u00a0\u00bb5px\u00a0\u00bb global_colors_info=\u00a0\u00bb{}\u00a0\u00bb toggle_text_align=\u00a0\u00bbcenter\u00a0\u00bb toggle_font_size=\u00a0\u00bb30px\u00a0\u00bb toggle_line_height=\u00a0\u00bb1.3em\u00a0\u00bb sticky_enabled=\u00a0\u00bb0&Prime;]<\/p>\n<h4 style=\"text-align: left;\">\u00a0 \u00a0Puis, \u00e0 leur tour, les paroissiens du dioc\u00e8se de Maroua Mokolo, venus de cette r\u00e9gion du Nord Cameroun se sont rendus sur la colline dite \u00ab\u00a0montagne de Baba Simon\u00a0\u00bb.<\/h4>\n<p>&nbsp;<\/p>\n<p style=\"padding-left: 40px; text-align: center;\"><img loading=\"lazy\" decoding=\"async\" src=\"https:\/\/ecolepourlavie-tokombere.org\/wp-content\/uploads\/2025\/11\/IMG-20240813-WA0002-146x300.jpg\" width=\"146\" height=\"300\" alt=\"\" class=\"wp-image-420 alignnone size-medium\" \/>\u00a0 \u00a0 \u00a0 \u00a0<img loading=\"lazy\" decoding=\"async\" src=\"https:\/\/ecolepourlavie-tokombere.org\/wp-content\/uploads\/2025\/11\/IMG-20240815-WA0013-146x300.jpg\" width=\"146\" height=\"300\" alt=\"\" class=\"wp-image-422 alignnone size-medium\" \/>\u00a0 \u00a0 \u00a0 <img loading=\"lazy\" decoding=\"async\" src=\"https:\/\/ecolepourlavie-tokombere.org\/wp-content\/uploads\/2025\/11\/IMG-20240813-WA0007-169x300.jpg\" width=\"169\" height=\"300\" alt=\"\" class=\"wp-image-421 alignnone size-medium\" \/>\u00a0 \u00a0 \u00a0<img loading=\"lazy\" decoding=\"async\" src=\"https:\/\/ecolepourlavie-tokombere.org\/wp-content\/uploads\/2025\/11\/IMG-20240813-WA0003-146x300.jpg\" width=\"146\" height=\"300\" alt=\"\" class=\"wp-image-423 alignnone size-medium\" \/><\/p>\n<p>[\/et_pb_accordion_item][\/et_pb_accordion][\/et_pb_column][\/et_pb_row][et_pb_row _builder_version=\u00a0\u00bb4.27.4&Prime; _module_preset=\u00a0\u00bbdefault\u00a0\u00bb custom_margin=\u00a0\u00bb-25px||||false|false\u00a0\u00bb global_colors_info=\u00a0\u00bb{}\u00a0\u00bb][et_pb_column type=\u00a0\u00bb4_4&Prime; _builder_version=\u00a0\u00bb4.27.4&Prime; _module_preset=\u00a0\u00bbdefault\u00a0\u00bb custom_padding=\u00a0\u00bb0px||||false|false\u00a0\u00bb global_colors_info=\u00a0\u00bb{}\u00a0\u00bb][et_pb_accordion _builder_version=\u00a0\u00bb4.27.5&Prime; _module_preset=\u00a0\u00bbdefault\u00a0\u00bb custom_margin=\u00a0\u00bb20px|||||\u00a0\u00bb global_colors_info=\u00a0\u00bb{}\u00a0\u00bb][et_pb_accordion_item title=\u00a0\u00bbDECES DE CHRISTIAN AURENCHE LE 30 AVRIL 2024&Prime; open=\u00a0\u00bbon\u00a0\u00bb _builder_version=\u00a0\u00bb4.27.5&Prime; _module_preset=\u00a0\u00bbdefault\u00a0\u00bb body_font_size=\u00a0\u00bb16px\u00a0\u00bb border_width_all=\u00a0\u00bb5px\u00a0\u00bb border_color_all=\u00a0\u00bb#574200&Prime; global_colors_info=\u00a0\u00bb{}\u00a0\u00bb toggle_text_align=\u00a0\u00bbcenter\u00a0\u00bb toggle_font_size=\u00a0\u00bb30px\u00a0\u00bb]<\/p>\n<p>&nbsp;<\/p>\n<h4><\/h4>\n<p><img loading=\"lazy\" decoding=\"async\" src=\"https:\/\/ecolepourlavie-tokombere.org\/wp-content\/uploads\/2025\/11\/2-4-Christian-Aurenche-2--166x300.jpg\" width=\"166\" height=\"300\" alt=\"\" class=\"wp-image-447 alignnone size-medium\" style=\"display: block; margin-left: auto; margin-right: auto;\" \/><\/p>\n<p>Christian Aurenche, pr\u00eatre et m\u00e9decin pendant 40 ans \u00e0 Tokomb\u00e9r\u00e9 est d\u00e9c\u00e9d\u00e9 le 30 avril 2024 \u00e0 Paris. Cur\u00e9 et directeur de l\u2019h\u00f4pital de Tokomb\u00e9r\u00e9, il a d\u00e9velopp\u00e9 l\u2019h\u00f4pital fond\u00e9 par le m\u00e9decin suisse Guiseppe Maggi, en mettant en place, avec toute une \u00e9quipe d\u2019aide-soignant.e.s, d\u2019infirmier.\u00e8re.s \u00a0et m\u00e9decins, les Soins de Sant\u00e9 Primaire (une pr\u00e9vention d\u00e9velopp\u00e9e au sein m\u00eame des villages et par les villageois) S.S.P reconnus par l\u2019OMS. Partant de la sant\u00e9, un projet global est n\u00e9 appel\u00e9 \u00ab Projet de Promotion Humaine \u00bb.<\/p>\n<p>Une tr\u00e8s belle c\u00e9r\u00e9monie \u00e0 l\u2019\u00e9glise St Germain des Pr\u00e9s dont il d\u00e9pendait, a r\u00e9uni sa famille, ses amis de France et ceux de Tokomb\u00e9r\u00e9 en visio.\u00a0 Il est inhum\u00e9 au cimeti\u00e8re de Montparnasse, dans la tombe des pr\u00eatres de Paris.<\/p>\n<p><img loading=\"lazy\" decoding=\"async\" src=\"https:\/\/ecolepourlavie-tokombere.org\/wp-content\/uploads\/2026\/02\/DSCN0541-225x300.jpg\" width=\"225\" height=\"300\" alt=\"\" class=\"wp-image-790 alignnone size-medium\" style=\"display: block; margin-left: auto; margin-right: auto;\" \/><\/p>\n<p>[\/et_pb_accordion_item][\/et_pb_accordion][\/et_pb_column][\/et_pb_row][\/et_pb_section][et_pb_section fb_built=\u00a0\u00bb1&Prime; disabled_on=\u00a0\u00bboff|off|off\u00a0\u00bb admin_label=\u00a0\u00bbFollow Along\u00a0\u00bb _builder_version=\u00a0\u00bb4.27.4&Prime; use_background_color_gradient=\u00a0\u00bbon\u00a0\u00bb background_color_gradient_stops=\u00a0\u00bb#ffffff 0%|rgba(255,255,255,0) 52%\u00a0\u00bb background_color_gradient_overlays_image=\u00a0\u00bbon\u00a0\u00bb background_color_gradient_start=\u00a0\u00bb#ffffff\u00a0\u00bb background_color_gradient_end=\u00a0\u00bbrgba(255,255,255,0)\u00a0\u00bb background_color_gradient_end_position=\u00a0\u00bb52%\u00a0\u00bb background_image=\u00a0\u00bbhttps:\/\/ecolepourlavie-tokombere.org\/wp-content\/uploads\/2025\/09\/village-et-femme-tokombere.png\u00a0\u00bb background_position=\u00a0\u00bbcenter_right\u00a0\u00bb custom_padding=\u00a0\u00bb||11vw|||\u00a0\u00bb global_module=\u00a0\u00bb126&Prime; saved_tabs=\u00a0\u00bball\u00a0\u00bb global_colors_info=\u00a0\u00bb{}\u00a0\u00bb][et_pb_row module_class=\u00a0\u00bb et_pb_row_fullwidth\u00a0\u00bb _builder_version=\u00a0\u00bb4.27.4&Prime; width=\u00a0\u00bb89%\u00a0\u00bb width_tablet=\u00a0\u00bb80%\u00a0\u00bb width_phone=\u00a0\u00bb80%\u00a0\u00bb width_last_edited=\u00a0\u00bbon|desktop\u00a0\u00bb max_width=\u00a0\u00bb89%\u00a0\u00bb max_width_tablet=\u00a0\u00bb80%\u00a0\u00bb max_width_phone=\u00a0\u00bb80%\u00a0\u00bb max_width_last_edited=\u00a0\u00bbon|desktop\u00a0\u00bb min_height=\u00a0\u00bb31px\u00a0\u00bb custom_margin=\u00a0\u00bb0px|||\u00a0\u00bb custom_padding=\u00a0\u00bb|||\u00a0\u00bb make_fullwidth=\u00a0\u00bbon\u00a0\u00bb global_colors_info=\u00a0\u00bb{}\u00a0\u00bb][et_pb_column type=\u00a0\u00bb4_4&Prime; _builder_version=\u00a0\u00bb4.16&Prime; custom_padding=\u00a0\u00bb|||\u00a0\u00bb global_colors_info=\u00a0\u00bb{}\u00a0\u00bb custom_padding__hover=\u00a0\u00bb|||\u00a0\u00bb][et_pb_button button_url=\u00a0\u00bb@ET-DC@eyJkeW5hbWljIjp0cnVlLCJjb250ZW50IjoicG9zdF9saW5rX3VybF9wYWdlIiwic2V0dGluZ3MiOnsicG9zdF9pZCI6IjY2OSJ9fQ==@\u00a0\u00bb button_text=\u00a0\u00bbNous soutenir\u00a0\u00bb button_alignment=\u00a0\u00bbcenter\u00a0\u00bb _builder_version=\u00a0\u00bb4.27.5&Prime; _dynamic_attributes=\u00a0\u00bbbutton_url\u00a0\u00bb _module_preset=\u00a0\u00bbdefault\u00a0\u00bb custom_button=\u00a0\u00bbon\u00a0\u00bb button_text_size=\u00a0\u00bb30px\u00a0\u00bb button_text_color=\u00a0\u00bb#cdea8f\u00a0\u00bb button_bg_color=\u00a0\u00bbRGBA(255,255,255,0)\u00a0\u00bb button_border_width=\u00a0\u00bb3px\u00a0\u00bb button_border_color=\u00a0\u00bbrgba(177,234,44,0.76)\u00a0\u00bb button_border_radius=\u00a0\u00bb18px\u00a0\u00bb button_letter_spacing=\u00a0\u00bb0px\u00a0\u00bb transform_scale=\u00a0\u00bb180%|126%\u00a0\u00bb transform_scale_linked=\u00a0\u00bboff\u00a0\u00bb transform_translate=\u00a0\u00bb-1px|-1px\u00a0\u00bb custom_margin=\u00a0\u00bb|||0px|false|false\u00a0\u00bb global_colors_info=\u00a0\u00bb{}\u00a0\u00bb][\/et_pb_button][\/et_pb_column][\/et_pb_row][\/et_pb_section]<\/p>\n","protected":false},"excerpt":{"rendered":"<p>Notre assembl\u00e9e g\u00e9n\u00e9rale aura lieu le 24 mars \u00e0 19h salle Potrain de l&rsquo;\u00e9v\u00each\u00e9 de Cr\u00e9teil.* Une intervention de Foudama, actuellement en France pour ses \u00e9tudes et ancien \u00e9l\u00e8ve du coll\u00e8ge\/lyc\u00e9e viendra t\u00e9moigner et parler du pays actuellement. \u00ab\u00a0Malgr\u00e9 tout&#8230; des signes d&rsquo;esp\u00e9rance au Cameroun\u00a0\u00bb. *2 avenue pasteur Vallery Radot sous la cath\u00e9drale, acc\u00e8s par [&hellip;]<\/p>\n","protected":false},"author":2,"featured_media":138,"parent":0,"menu_order":4,"comment_status":"closed","ping_status":"closed","template":"","meta":{"_et_pb_use_builder":"on","_et_pb_old_content":"","_et_gb_content_width":"","footnotes":""},"class_list":["post-598","page","type-page","status-publish","has-post-thumbnail","hentry"],"yoast_head":"<!-- This site is optimized with the Yoast SEO plugin v27.5 - https:\/\/yoast.com\/product\/yoast-seo-wordpress\/ -->\n<title>Actualit\u00e9s - Ecole pour la vie - Tokomb\u00e9r\u00e9<\/title>\n<meta name=\"description\" content=\"Retrouvez ici toutes les actualit\u00e9s de l&#039;association en France et du coll\u00e8ge Baba Simon au Cameroun\" \/>\n<meta name=\"robots\" content=\"index, follow, max-snippet:-1, max-image-preview:large, max-video-preview:-1\" \/>\n<link rel=\"canonical\" href=\"https:\/\/ecolepourlavie-tokombere.org\/index.php\/actualites-2\/\" \/>\n<meta property=\"og:locale\" content=\"fr_FR\" \/>\n<meta property=\"og:type\" content=\"article\" \/>\n<meta property=\"og:title\" content=\"Actualit\u00e9s - Ecole pour la vie - Tokomb\u00e9r\u00e9\" \/>\n<meta property=\"og:description\" content=\"Retrouvez ici toutes les actualit\u00e9s de l&#039;association en France et du coll\u00e8ge Baba Simon au Cameroun\" \/>\n<meta property=\"og:url\" content=\"https:\/\/ecolepourlavie-tokombere.org\/index.php\/actualites-2\/\" \/>\n<meta property=\"og:site_name\" content=\"Ecole pour la vie - Tokomb\u00e9r\u00e9\" \/>\n<meta property=\"article:modified_time\" content=\"2026-02-20T15:56:39+00:00\" \/>\n<meta property=\"og:image\" content=\"https:\/\/ecolepourlavie-tokombere.org\/wp-content\/uploads\/2025\/09\/baba-simon2.png\" \/>\n\t<meta property=\"og:image:width\" content=\"102\" \/>\n\t<meta property=\"og:image:height\" content=\"138\" \/>\n\t<meta property=\"og:image:type\" content=\"image\/png\" \/>\n<meta name=\"twitter:card\" content=\"summary_large_image\" \/>\n<meta name=\"twitter:label1\" content=\"Dur\u00e9e de lecture estim\u00e9e\" \/>\n\t<meta name=\"twitter:data1\" content=\"2 minutes\" \/>\n<script type=\"application\/ld+json\" class=\"yoast-schema-graph\">{\"@context\":\"https:\\\/\\\/schema.org\",\"@graph\":[{\"@type\":\"WebPage\",\"@id\":\"https:\\\/\\\/ecolepourlavie-tokombere.org\\\/index.php\\\/actualites-2\\\/\",\"url\":\"https:\\\/\\\/ecolepourlavie-tokombere.org\\\/index.php\\\/actualites-2\\\/\",\"name\":\"Actualit\u00e9s - Ecole pour la vie - Tokomb\u00e9r\u00e9\",\"isPartOf\":{\"@id\":\"https:\\\/\\\/ecolepourlavie-tokombere.org\\\/#website\"},\"primaryImageOfPage\":{\"@id\":\"https:\\\/\\\/ecolepourlavie-tokombere.org\\\/index.php\\\/actualites-2\\\/#primaryimage\"},\"image\":{\"@id\":\"https:\\\/\\\/ecolepourlavie-tokombere.org\\\/index.php\\\/actualites-2\\\/#primaryimage\"},\"thumbnailUrl\":\"https:\\\/\\\/ecolepourlavie-tokombere.org\\\/wp-content\\\/uploads\\\/2025\\\/09\\\/baba-simon2.png\",\"datePublished\":\"2026-01-02T18:57:38+00:00\",\"dateModified\":\"2026-02-20T15:56:39+00:00\",\"description\":\"Retrouvez ici toutes les actualit\u00e9s de l'association en France et du coll\u00e8ge Baba Simon au Cameroun\",\"breadcrumb\":{\"@id\":\"https:\\\/\\\/ecolepourlavie-tokombere.org\\\/index.php\\\/actualites-2\\\/#breadcrumb\"},\"inLanguage\":\"fr-FR\",\"potentialAction\":[{\"@type\":\"ReadAction\",\"target\":[\"https:\\\/\\\/ecolepourlavie-tokombere.org\\\/index.php\\\/actualites-2\\\/\"]}]},{\"@type\":\"ImageObject\",\"inLanguage\":\"fr-FR\",\"@id\":\"https:\\\/\\\/ecolepourlavie-tokombere.org\\\/index.php\\\/actualites-2\\\/#primaryimage\",\"url\":\"https:\\\/\\\/ecolepourlavie-tokombere.org\\\/wp-content\\\/uploads\\\/2025\\\/09\\\/baba-simon2.png\",\"contentUrl\":\"https:\\\/\\\/ecolepourlavie-tokombere.org\\\/wp-content\\\/uploads\\\/2025\\\/09\\\/baba-simon2.png\",\"width\":102,\"height\":138},{\"@type\":\"BreadcrumbList\",\"@id\":\"https:\\\/\\\/ecolepourlavie-tokombere.org\\\/index.php\\\/actualites-2\\\/#breadcrumb\",\"itemListElement\":[{\"@type\":\"ListItem\",\"position\":1,\"name\":\"Accueil\",\"item\":\"https:\\\/\\\/ecolepourlavie-tokombere.org\\\/\"},{\"@type\":\"ListItem\",\"position\":2,\"name\":\"Actualit\u00e9s\"}]},{\"@type\":\"WebSite\",\"@id\":\"https:\\\/\\\/ecolepourlavie-tokombere.org\\\/#website\",\"url\":\"https:\\\/\\\/ecolepourlavie-tokombere.org\\\/\",\"name\":\"Ecole pour la vie - Tokomb\u00e9r\u00e9\",\"description\":\"\",\"publisher\":{\"@id\":\"https:\\\/\\\/ecolepourlavie-tokombere.org\\\/#organization\"},\"potentialAction\":[{\"@type\":\"SearchAction\",\"target\":{\"@type\":\"EntryPoint\",\"urlTemplate\":\"https:\\\/\\\/ecolepourlavie-tokombere.org\\\/?s={search_term_string}\"},\"query-input\":{\"@type\":\"PropertyValueSpecification\",\"valueRequired\":true,\"valueName\":\"search_term_string\"}}],\"inLanguage\":\"fr-FR\"},{\"@type\":\"Organization\",\"@id\":\"https:\\\/\\\/ecolepourlavie-tokombere.org\\\/#organization\",\"name\":\"Ecole pour la vie\",\"url\":\"https:\\\/\\\/ecolepourlavie-tokombere.org\\\/\",\"logo\":{\"@type\":\"ImageObject\",\"inLanguage\":\"fr-FR\",\"@id\":\"https:\\\/\\\/ecolepourlavie-tokombere.org\\\/#\\\/schema\\\/logo\\\/image\\\/\",\"url\":\"https:\\\/\\\/ecolepourlavie-tokombere.org\\\/wp-content\\\/uploads\\\/2025\\\/09\\\/cropped-logo-ecole-pour-la-vie-1.png\",\"contentUrl\":\"https:\\\/\\\/ecolepourlavie-tokombere.org\\\/wp-content\\\/uploads\\\/2025\\\/09\\\/cropped-logo-ecole-pour-la-vie-1.png\",\"width\":512,\"height\":512,\"caption\":\"Ecole pour la vie\"},\"image\":{\"@id\":\"https:\\\/\\\/ecolepourlavie-tokombere.org\\\/#\\\/schema\\\/logo\\\/image\\\/\"}}]}<\/script>\n<!-- \/ Yoast SEO plugin. -->","yoast_head_json":{"title":"Actualit\u00e9s - Ecole pour la vie - Tokomb\u00e9r\u00e9","description":"Retrouvez ici toutes les actualit\u00e9s de l'association en France et du coll\u00e8ge Baba Simon au Cameroun","robots":{"index":"index","follow":"follow","max-snippet":"max-snippet:-1","max-image-preview":"max-image-preview:large","max-video-preview":"max-video-preview:-1"},"canonical":"https:\/\/ecolepourlavie-tokombere.org\/index.php\/actualites-2\/","og_locale":"fr_FR","og_type":"article","og_title":"Actualit\u00e9s - Ecole pour la vie - Tokomb\u00e9r\u00e9","og_description":"Retrouvez ici toutes les actualit\u00e9s de l'association en France et du coll\u00e8ge Baba Simon au Cameroun","og_url":"https:\/\/ecolepourlavie-tokombere.org\/index.php\/actualites-2\/","og_site_name":"Ecole pour la vie - Tokomb\u00e9r\u00e9","article_modified_time":"2026-02-20T15:56:39+00:00","og_image":[{"width":102,"height":138,"url":"https:\/\/ecolepourlavie-tokombere.org\/wp-content\/uploads\/2025\/09\/baba-simon2.png","type":"image\/png"}],"twitter_card":"summary_large_image","twitter_misc":{"Dur\u00e9e de lecture estim\u00e9e":"2 minutes"},"schema":{"@context":"https:\/\/schema.org","@graph":[{"@type":"WebPage","@id":"https:\/\/ecolepourlavie-tokombere.org\/index.php\/actualites-2\/","url":"https:\/\/ecolepourlavie-tokombere.org\/index.php\/actualites-2\/","name":"Actualit\u00e9s - Ecole pour la vie - Tokomb\u00e9r\u00e9","isPartOf":{"@id":"https:\/\/ecolepourlavie-tokombere.org\/#website"},"primaryImageOfPage":{"@id":"https:\/\/ecolepourlavie-tokombere.org\/index.php\/actualites-2\/#primaryimage"},"image":{"@id":"https:\/\/ecolepourlavie-tokombere.org\/index.php\/actualites-2\/#primaryimage"},"thumbnailUrl":"https:\/\/ecolepourlavie-tokombere.org\/wp-content\/uploads\/2025\/09\/baba-simon2.png","datePublished":"2026-01-02T18:57:38+00:00","dateModified":"2026-02-20T15:56:39+00:00","description":"Retrouvez ici toutes les actualit\u00e9s de l'association en France et du coll\u00e8ge Baba Simon au Cameroun","breadcrumb":{"@id":"https:\/\/ecolepourlavie-tokombere.org\/index.php\/actualites-2\/#breadcrumb"},"inLanguage":"fr-FR","potentialAction":[{"@type":"ReadAction","target":["https:\/\/ecolepourlavie-tokombere.org\/index.php\/actualites-2\/"]}]},{"@type":"ImageObject","inLanguage":"fr-FR","@id":"https:\/\/ecolepourlavie-tokombere.org\/index.php\/actualites-2\/#primaryimage","url":"https:\/\/ecolepourlavie-tokombere.org\/wp-content\/uploads\/2025\/09\/baba-simon2.png","contentUrl":"https:\/\/ecolepourlavie-tokombere.org\/wp-content\/uploads\/2025\/09\/baba-simon2.png","width":102,"height":138},{"@type":"BreadcrumbList","@id":"https:\/\/ecolepourlavie-tokombere.org\/index.php\/actualites-2\/#breadcrumb","itemListElement":[{"@type":"ListItem","position":1,"name":"Accueil","item":"https:\/\/ecolepourlavie-tokombere.org\/"},{"@type":"ListItem","position":2,"name":"Actualit\u00e9s"}]},{"@type":"WebSite","@id":"https:\/\/ecolepourlavie-tokombere.org\/#website","url":"https:\/\/ecolepourlavie-tokombere.org\/","name":"Ecole pour la vie - Tokomb\u00e9r\u00e9","description":"","publisher":{"@id":"https:\/\/ecolepourlavie-tokombere.org\/#organization"},"potentialAction":[{"@type":"SearchAction","target":{"@type":"EntryPoint","urlTemplate":"https:\/\/ecolepourlavie-tokombere.org\/?s={search_term_string}"},"query-input":{"@type":"PropertyValueSpecification","valueRequired":true,"valueName":"search_term_string"}}],"inLanguage":"fr-FR"},{"@type":"Organization","@id":"https:\/\/ecolepourlavie-tokombere.org\/#organization","name":"Ecole pour la vie","url":"https:\/\/ecolepourlavie-tokombere.org\/","logo":{"@type":"ImageObject","inLanguage":"fr-FR","@id":"https:\/\/ecolepourlavie-tokombere.org\/#\/schema\/logo\/image\/","url":"https:\/\/ecolepourlavie-tokombere.org\/wp-content\/uploads\/2025\/09\/cropped-logo-ecole-pour-la-vie-1.png","contentUrl":"https:\/\/ecolepourlavie-tokombere.org\/wp-content\/uploads\/2025\/09\/cropped-logo-ecole-pour-la-vie-1.png","width":512,"height":512,"caption":"Ecole pour la vie"},"image":{"@id":"https:\/\/ecolepourlavie-tokombere.org\/#\/schema\/logo\/image\/"}}]}},"_links":{"self":[{"href":"https:\/\/ecolepourlavie-tokombere.org\/index.php\/wp-json\/wp\/v2\/pages\/598","targetHints":{"allow":["GET"]}}],"collection":[{"href":"https:\/\/ecolepourlavie-tokombere.org\/index.php\/wp-json\/wp\/v2\/pages"}],"about":[{"href":"https:\/\/ecolepourlavie-tokombere.org\/index.php\/wp-json\/wp\/v2\/types\/page"}],"author":[{"embeddable":true,"href":"https:\/\/ecolepourlavie-tokombere.org\/index.php\/wp-json\/wp\/v2\/users\/2"}],"replies":[{"embeddable":true,"href":"https:\/\/ecolepourlavie-tokombere.org\/index.php\/wp-json\/wp\/v2\/comments?post=598"}],"version-history":[{"count":11,"href":"https:\/\/ecolepourlavie-tokombere.org\/index.php\/wp-json\/wp\/v2\/pages\/598\/revisions"}],"predecessor-version":[{"id":839,"href":"https:\/\/ecolepourlavie-tokombere.org\/index.php\/wp-json\/wp\/v2\/pages\/598\/revisions\/839"}],"wp:featuredmedia":[{"embeddable":true,"href":"https:\/\/ecolepourlavie-tokombere.org\/index.php\/wp-json\/wp\/v2\/media\/138"}],"wp:attachment":[{"href":"https:\/\/ecolepourlavie-tokombere.org\/index.php\/wp-json\/wp\/v2\/media?parent=598"}],"curies":[{"name":"wp","href":"https:\/\/api.w.org\/{rel}","templated":true}]}}